{"id":2259,"date":"2020-02-03T18:16:15","date_gmt":"2020-02-03T23:16:15","guid":{"rendered":"http:\/\/charplexe.ca\/?page_id=2259"},"modified":"2020-07-01T13:34:02","modified_gmt":"2020-07-01T17:34:02","slug":"maisons-projet-des-quatre-vents-saphir","status":"publish","type":"page","link":"https:\/\/charplexe.ca\/en\/maisons-projet-des-quatre-vents-saphir\/","title":{"rendered":"SAPHIR"},"content":{"rendered":"<p>MAISON UNIFAMILIALE<\/p>\n<h5><u><\/u><u>FA\u00c7ADE<\/u><\/h5>\n<p><a href=\"http:\/\/charplexe.ca\/wp-content\/uploads\/2020\/02\/Facade.png\"><img loading=\"lazy\" decoding=\"async\" class=\"alignnone size-full wp-image-2262\" src=\"http:\/\/charplexe.ca\/wp-content\/uploads\/2020\/02\/Facade.png\" alt=\"\" width=\"617\" height=\"381\" srcset=\"https:\/\/charplexe.ca\/wp-content\/uploads\/2020\/02\/Facade.png 617w, https:\/\/charplexe.ca\/wp-content\/uploads\/2020\/02\/Facade-300x185.png 300w\" sizes=\"auto, (max-width: 617px) 100vw, 617px\" \/><\/a><\/p>\n<h5><\/h5>\n<h5><\/h5>\n<h5><\/h5>\n<p>Nous vous proposons notre tout nouveau mod\u00e8le <strong>SAPHIR<\/strong>! \u00a0Grand et confortable avec 3 chambres \u00e0 coucher \u00e0 l\u2019\u00e9tage, ce superbe mod\u00e8le fait 27\u2019 de largeur x 41\u2019 de profondeur.<\/p>\n<p>Pratique et confortable, cette maison saura vous charmer gr\u00e2ce \u00e0 son concept de cuisine \u00e0 aire ouverte, dans laquelle on retrouve de nombreuses armoires ainsi qu\u2019un \u00eelot central, donnant sur la salle familiale, au rez-de-chauss\u00e9e.<\/p>\n<p>Le tout nouveau<strong> SAPHIR<\/strong> est tout aussi beau \u00e0 l\u2019\u00e9tage!\u00a0 Vous serez conquis par l\u2019invitante chambre des ma\u00eetres poss\u00e9dant un pratique walk-in et une salle de bain priv\u00e9e avec douche vitr\u00e9e en c\u00e9ramique!\u00a0\u00a0 \u00c9galement, 2 autres grandes chambres ainsi qu\u2019une <strong>2e salle de bain compl\u00e8te<\/strong>, utile et fonctionnelle pour toute la famille.<\/p>\n<p><strong><u>Entre autres inclusions<\/u><\/strong> :<\/p>\n<ul>\n<li>Planchers en bois franc \u00e0 l\u2019\u00e9tage ainsi qu\u2019au rez-de-chauss\u00e9e<\/li>\n<li>Rampes d\u2019escalier faites de bois et de m\u00e9tal<\/li>\n<li>Comptoirs de cuisine et \u00eelot en quartz<\/li>\n<li>Robinetterie, lavabo, baignoire, portes et boiseries int\u00e9rieures ZEN<\/li>\n<li>Choix de couleur pour la finition ext\u00e9rieur (brique, boiserie, vinyle et couverture)<\/li>\n<li>Choix de couleur pour l\u2019int\u00e9rieur (c\u00e9ramique, planchers et armoires)<\/li>\n<li>Pr\u00e9-filage pour c\u00e2ble, t\u00e9l\u00e9phone et alarme<\/li>\n<li>Tuyauterie pour aspirateur central dans les murs sur les 3 \u00e9tages<\/li>\n<li>\u00c9changeur d\u2019air r\u00e9cup\u00e9rateur de chaleur<\/li>\n<li>R\u00e9servoir \u00e0 eau chaude de 60 gallons<\/li>\n<li>Entr\u00e9e \u00e9lectrique de 200 amp\u00e8res<\/li>\n<li>Grand sous-sol<\/li>\n<li>Garage int\u00e9gr\u00e9<\/li>\n<\/ul>\n<h5><\/h5>\n<h5><strong><u>PLANS PLANCHERS<\/u><\/strong><\/h5>\n<p><a href=\"http:\/\/charplexe.ca\/wp-content\/uploads\/2020\/02\/Plancher-1-2.jpg\"><img loading=\"lazy\" decoding=\"async\" class=\"alignleft wp-image-2263\" src=\"http:\/\/charplexe.ca\/wp-content\/uploads\/2020\/02\/Plancher-1-2.jpg\" alt=\"\" width=\"400\" height=\"624\" srcset=\"https:\/\/charplexe.ca\/wp-content\/uploads\/2020\/02\/Plancher-1-2.jpg 1321w, https:\/\/charplexe.ca\/wp-content\/uploads\/2020\/02\/Plancher-1-2-192x300.jpg 192w, https:\/\/charplexe.ca\/wp-content\/uploads\/2020\/02\/Plancher-1-2-656x1024.jpg 656w, https:\/\/charplexe.ca\/wp-content\/uploads\/2020\/02\/Plancher-1-2-768x1198.jpg 768w, https:\/\/charplexe.ca\/wp-content\/uploads\/2020\/02\/Plancher-1-2-985x1536.jpg 985w, https:\/\/charplexe.ca\/wp-content\/uploads\/2020\/02\/Plancher-1-2-1313x2048.jpg 1313w\" sizes=\"auto, (max-width: 400px) 100vw, 400px\" \/><\/a><\/p>\n<p><a href=\"http:\/\/charplexe.ca\/wp-content\/uploads\/2020\/02\/Plancher-2-2.jpg\"><img loading=\"lazy\" decoding=\"async\" class=\"alignright wp-image-2264\" src=\"http:\/\/charplexe.ca\/wp-content\/uploads\/2020\/02\/Plancher-2-2.jpg\" alt=\"\" width=\"400\" height=\"624\" srcset=\"https:\/\/charplexe.ca\/wp-content\/uploads\/2020\/02\/Plancher-2-2.jpg 1321w, https:\/\/charplexe.ca\/wp-content\/uploads\/2020\/02\/Plancher-2-2-192x300.jpg 192w, https:\/\/charplexe.ca\/wp-content\/uploads\/2020\/02\/Plancher-2-2-656x1024.jpg 656w, https:\/\/charplexe.ca\/wp-content\/uploads\/2020\/02\/Plancher-2-2-768x1198.jpg 768w, https:\/\/charplexe.ca\/wp-content\/uploads\/2020\/02\/Plancher-2-2-985x1536.jpg 985w, https:\/\/charplexe.ca\/wp-content\/uploads\/2020\/02\/Plancher-2-2-1313x2048.jpg 1313w\" sizes=\"auto, (max-width: 400px) 100vw, 400px\" \/><\/a><\/p>\n<h5 style=\"text-align: center;\"><\/h5>\n<p><a href=\"http:\/\/charplexe.ca\/wp-content\/uploads\/2020\/02\/Plancher-3-2.jpg\"><img loading=\"lazy\" decoding=\"async\" class=\"alignleft wp-image-2265\" src=\"http:\/\/charplexe.ca\/wp-content\/uploads\/2020\/02\/Plancher-3-2.jpg\" alt=\"\" width=\"400\" height=\"624\" srcset=\"https:\/\/charplexe.ca\/wp-content\/uploads\/2020\/02\/Plancher-3-2.jpg 1321w, https:\/\/charplexe.ca\/wp-content\/uploads\/2020\/02\/Plancher-3-2-192x300.jpg 192w, https:\/\/charplexe.ca\/wp-content\/uploads\/2020\/02\/Plancher-3-2-656x1024.jpg 656w, https:\/\/charplexe.ca\/wp-content\/uploads\/2020\/02\/Plancher-3-2-768x1198.jpg 768w, https:\/\/charplexe.ca\/wp-content\/uploads\/2020\/02\/Plancher-3-2-985x1536.jpg 985w, https:\/\/charplexe.ca\/wp-content\/uploads\/2020\/02\/Plancher-3-2-1313x2048.jpg 1313w\" sizes=\"auto, (max-width: 400px) 100vw, 400px\" \/><\/a><\/p>\n<h5><\/h5>\n<h5><\/h5>\n<h4 style=\"text-align: center;\">D\u00e9couvrez nos mod\u00e8les :<\/h4>\n<h4 style=\"text-align: center;\"><a href=\"http:\/\/charplexe.ca\/maisons-projet-des-quatre-vents-lotus\/\">LOTUS 4 CAC<\/a>\u00a0 \u00a0 \u00a0 \u00a0<a href=\"http:\/\/charplexe.ca\/maisons-projet-des-quatre-vents-lotus-std\/\">LOTUS STD 3 CAC<\/a><\/h4>\n<h5><strong><u>INFORMATIONS<\/u><\/strong><\/h5>\n<p>Pour de plus amples informations, contactez un de nos repr\u00e9sentants ou venez nous rencontrer au bureau des ventes et du m\u00eame coup, d\u00e9couvrir ce joli quartier!<\/p>\n<p><strong>Maison Mod\u00e8le et bureau des ventes :<\/strong><\/p>\n<p><strong>7992, rue L\u00e9onise-Valois,<br \/>\nDuvernay-Est, Qu\u00e9bec<\/strong><\/p>\n<p><strong><iframe loading=\"lazy\" style=\"border: 0;\" src=\"https:\/\/www.google.com\/maps\/embed?pb=!1m18!1m12!1m3!1d1476.9704037738231!2d-73.59159991228937!3d45.66791360866878!2m3!1f0!2f0!3f0!3m2!1i1024!2i768!4f13.1!3m3!1m2!1s0x0%3A0x2c0760ed2a6e97bf!2sBureau+des+Ventes+Maisons+Charplexe+-+Domaine+Des+Quatre-Vents!5e0!3m2!1sen!2sca!4v1548209627322\" width=\"600\" height=\"450\" frameborder=\"0\" allowfullscreen=\"allowfullscreen\" data-mce-fragment=\"1\"><\/iframe><\/strong><\/p>\n<p><b>Pour plus d&#8217;information, veuillez nous contacter :<br \/>\n<\/b>Courriel\u00a0:\u00a0 \u00a0\u00a0\u00a0\u00a0\u00a0\u00a0\u00a0\u00a0 <a href=\"mailto:jgaudet@charplexe.ca\">jgaudet@charplexe.ca<\/a><br \/>\nT\u00e9l\u00e9phone\u00a0:\u00a0 \u00a0\u00a0 514-461-1200<\/p>\n<h3 style=\"text-align: center;\"><b>LE PROGRAMME\u00a0CL\u00c9 EN MAIN <\/b><\/h3>\n<p style=\"text-align: center;\"><b>Vous d\u00e9sirez faire l\u2019acquisition d\u2019une nouvelle habitation Charplexe mais devez d\u2019abord vendre votre propri\u00e9t\u00e9 actuelle ?<\/b><\/p>\n<p style=\"text-align: center;\"><b>Nous avons la solution pour vous !<\/b><\/p>\n<p style=\"text-align: center;\"><b>Maisons Charplexe est fier de vous pr\u00e9senter le programme Cl\u00e9 en main !<\/b><\/p>\n<p style=\"text-align: center;\"><strong><a href=\"http:\/\/charplexe.ca\/programme-cle-en-main\/\">D\u00e9couvrir le programme cl\u00e9 en main &gt;<\/a><\/strong><\/p>\n","protected":false},"excerpt":{"rendered":"<p>MAISON UNIFAMILIALE FA\u00c7ADE Nous vous proposons notre tout nouveau mod\u00e8le SAPHIR! \u00a0Grand et confortable avec 3 chambres \u00e0 coucher \u00e0 l\u2019\u00e9tage, ce superbe mod\u00e8le fait 27\u2019 de largeur x 41\u2019 de profondeur. Pratique et confortable, cette maison saura vous charmer gr\u00e2ce \u00e0 son concept de cuisine \u00e0 aire ouverte, dans laquelle on retrouve de nombreuses [&hellip;]<\/p>\n","protected":false},"author":8,"featured_media":0,"parent":0,"menu_order":0,"comment_status":"closed","ping_status":"closed","template":"","meta":{"footnotes":""},"class_list":["post-2259","page","type-page","status-publish","hentry"],"translation":{"provider":"WPGlobus","version":"3.0.2","language":"en","enabled_languages":["fr","en"],"languages":{"fr":{"title":true,"content":true,"excerpt":false},"en":{"title":false,"content":false,"excerpt":false}}},"_links":{"self":[{"href":"https:\/\/charplexe.ca\/en\/wp-json\/wp\/v2\/pages\/2259","targetHints":{"allow":["GET"]}}],"collection":[{"href":"https:\/\/charplexe.ca\/en\/wp-json\/wp\/v2\/pages"}],"about":[{"href":"https:\/\/charplexe.ca\/en\/wp-json\/wp\/v2\/types\/page"}],"author":[{"embeddable":true,"href":"https:\/\/charplexe.ca\/en\/wp-json\/wp\/v2\/users\/8"}],"replies":[{"embeddable":true,"href":"https:\/\/charplexe.ca\/en\/wp-json\/wp\/v2\/comments?post=2259"}],"version-history":[{"count":5,"href":"https:\/\/charplexe.ca\/en\/wp-json\/wp\/v2\/pages\/2259\/revisions"}],"predecessor-version":[{"id":2974,"href":"https:\/\/charplexe.ca\/en\/wp-json\/wp\/v2\/pages\/2259\/revisions\/2974"}],"wp:attachment":[{"href":"https:\/\/charplexe.ca\/en\/wp-json\/wp\/v2\/media?parent=2259"}],"curies":[{"name":"wp","href":"https:\/\/api.w.org\/{rel}","templated":true}]}}